{"id":5935,"date":"2015-03-01T15:05:13","date_gmt":"2015-03-01T15:05:13","guid":{"rendered":"http:\/\/192.168.1.121\/wordpress.mu\/howfresh\/?page_id=5935"},"modified":"2021-05-27T19:06:19","modified_gmt":"2021-05-27T19:06:19","slug":"historias","status":"publish","type":"page","link":"https:\/\/archivotomasmontero.org\/index.php\/historias\/","title":{"rendered":"Historias"},"content":{"rendered":"<div class=\"section-heading none section-align-center\" style=\"padding-top:0;padding-bottom:28px;margin-bottom:0px;\"><h1 class=\"entry-title section-title\" >Blog<\/h1><div class=\"section-description section-style-fill\"><p>When she reached the first hills of the Italic Mountains, she had a last view back on the skyline of her hometown.<\/p>\n<\/div><\/div>\n<div class=\"gridblock-columns-wrap clearfix\"><div id=\"gridblock-container\" class=\"portfolio-gutter-spaced gridblock-four\"><div class=\"blog-grid-element animation-standby-portfolio animated fadeInUpSlow gridblock-element gridblock-col-1\"><div class=\"blog-grid-element-inner\"><a class=\"gridblock-image-link blog-grid-element-has-image gridblock-columns\" href=\"https:\/\/archivotomasmontero.org\/index.php\/2024\/08\/19\/siqueiros-en-la-mirada-de-tomas-montero\/\" rel=\"bookmark\" title=\"Siqueiros en la mirada de Tom\u00e1s Montero\"><span class=\"grid-icon-status\"><i class=\"ion-ios-compose-outline fa-2x\"><\/i><\/span><img decoding=\"async\" src=\"https:\/\/archivotomasmontero.org\/wp-content\/uploads\/2024\/08\/7698-307x448.jpg\" alt=\"\" class=\"preload-image displayed-image\"\/><\/a><div class=\"summary-info\"><div class=\"summary-date\"><i class=\"feather-icon-clock\"><\/i> 19th Ago 24<\/div><div class=\"summary-comment\"><a href=\"https:\/\/archivotomasmontero.org\/index.php\/2024\/08\/19\/siqueiros-en-la-mirada-de-tomas-montero\/#respond\">0 <i class=\"feather-icon-speech-bubble\"><\/i><\/a><\/div><\/div><div class=\"blog-grid-element-content\"><div class=\"work-details\"><h4><a href=\"https:\/\/archivotomasmontero.org\/index.php\/2024\/08\/19\/siqueiros-en-la-mirada-de-tomas-montero\/\" rel=\"bookmark\" title=\"Siqueiros en la mirada de Tom\u00e1s Montero\">Siqueiros en la mirada de Tom\u00e1s Montero<\/a><\/h4><div class=\"entry-content work-description\">Reci\u00e9n llegado a M\u00e9xico de su exilio en Cuba y en Chile, a finales...<\/div><\/div><div class=\"button-blog-continue\"><a href=\"https:\/\/archivotomasmontero.org\/index.php\/2024\/08\/19\/siqueiros-en-la-mirada-de-tomas-montero\/\">Leer m\u00e1s<\/a><\/div><\/div><\/div><\/div><div class=\"blog-grid-element animation-standby-portfolio animated fadeInUpSlow gridblock-element gridblock-col-2\"><div class=\"blog-grid-element-inner\"><a class=\"gridblock-image-link blog-grid-element-has-image gridblock-columns\" href=\"https:\/\/archivotomasmontero.org\/index.php\/2024\/04\/19\/juan-cruz-reyes-un-escultor-de-obras-monumentales\/\" rel=\"bookmark\" title=\"Juan Cruz Reyes: un escultor de obras monumentales\"><span class=\"grid-icon-status\"><i class=\"ion-ios-compose-outline fa-2x\"><\/i><\/span><img decoding=\"async\" src=\"https:\/\/archivotomasmontero.org\/wp-content\/uploads\/2024\/04\/JC-1-610x404.jpg\" alt=\"\" class=\"preload-image displayed-image\"\/><\/a><div class=\"summary-info\"><div class=\"summary-date\"><i class=\"feather-icon-clock\"><\/i> 19th Abr 24<\/div><div class=\"summary-comment\"><a href=\"https:\/\/archivotomasmontero.org\/index.php\/2024\/04\/19\/juan-cruz-reyes-un-escultor-de-obras-monumentales\/#respond\">0 <i class=\"feather-icon-speech-bubble\"><\/i><\/a><\/div><\/div><div class=\"blog-grid-element-content\"><div class=\"work-details\"><h4><a href=\"https:\/\/archivotomasmontero.org\/index.php\/2024\/04\/19\/juan-cruz-reyes-un-escultor-de-obras-monumentales\/\" rel=\"bookmark\" title=\"Juan Cruz Reyes: un escultor de obras monumentales\">Juan Cruz Reyes: un escultor de obras monumentales<\/a><\/h4><div class=\"entry-content work-description\">Corre el a\u00f1o de 1990, se presenta en el Museo del Palacio de Bellas...<\/div><\/div><div class=\"button-blog-continue\"><a href=\"https:\/\/archivotomasmontero.org\/index.php\/2024\/04\/19\/juan-cruz-reyes-un-escultor-de-obras-monumentales\/\">Leer m\u00e1s<\/a><\/div><\/div><\/div><\/div><div class=\"blog-grid-element animation-standby-portfolio animated fadeInUpSlow gridblock-element gridblock-col-3\"><div class=\"blog-grid-element-inner\"><a class=\"gridblock-image-link blog-grid-element-has-image gridblock-columns\" href=\"https:\/\/archivotomasmontero.org\/index.php\/2024\/01\/24\/cuando-el-viaje-era-la-musica\/\" rel=\"bookmark\" title=\"Cuando el viaje era la m\u00fasica\"><span class=\"grid-icon-status\"><i class=\"ion-ios-compose-outline fa-2x\"><\/i><\/span><img decoding=\"async\" src=\"https:\/\/archivotomasmontero.org\/wp-content\/uploads\/2024\/01\/Puent-610x400.jpg\" alt=\"\" class=\"preload-image displayed-image\"\/><\/a><div class=\"summary-info\"><div class=\"summary-date\"><i class=\"feather-icon-clock\"><\/i> 24th Ene 24<\/div><div class=\"summary-comment\"><a href=\"https:\/\/archivotomasmontero.org\/index.php\/2024\/01\/24\/cuando-el-viaje-era-la-musica\/#respond\">0 <i class=\"feather-icon-speech-bubble\"><\/i><\/a><\/div><\/div><div class=\"blog-grid-element-content\"><div class=\"work-details\"><h4><a href=\"https:\/\/archivotomasmontero.org\/index.php\/2024\/01\/24\/cuando-el-viaje-era-la-musica\/\" rel=\"bookmark\" title=\"Cuando el viaje era la m\u00fasica\">Cuando el viaje era la m\u00fasica<\/a><\/h4><div class=\"entry-content work-description\">Eran otros tiempos. Las distancias dentro de la ciudad no eran tan impenetrables. Llegar...<\/div><\/div><div class=\"button-blog-continue\"><a href=\"https:\/\/archivotomasmontero.org\/index.php\/2024\/01\/24\/cuando-el-viaje-era-la-musica\/\">Leer m\u00e1s<\/a><\/div><\/div><\/div><\/div><div class=\"blog-grid-element animation-standby-portfolio animated fadeInUpSlow gridblock-element gridblock-col-4\"><div class=\"blog-grid-element-inner\"><a class=\"gridblock-image-link blog-grid-element-has-image gridblock-columns\" href=\"https:\/\/archivotomasmontero.org\/index.php\/2022\/07\/07\/70-anos-de-la-masacre-de-henriquistas-en-la-alameda\/\" rel=\"bookmark\" title=\"70 a\u00f1os de la masacre de henriquistas en la Alameda\"><span class=\"grid-icon-status\"><i class=\"ion-ios-compose-outline fa-2x\"><\/i><\/span><img decoding=\"async\" src=\"https:\/\/archivotomasmontero.org\/wp-content\/uploads\/2022\/07\/image2-610x386.jpg\" alt=\"\" class=\"preload-image displayed-image\"\/><\/a><div class=\"summary-info\"><div class=\"summary-date\"><i class=\"feather-icon-clock\"><\/i> 7th Jul 22<\/div><div class=\"summary-comment\"><a href=\"https:\/\/archivotomasmontero.org\/index.php\/2022\/07\/07\/70-anos-de-la-masacre-de-henriquistas-en-la-alameda\/#comments\">2 <i class=\"feather-icon-speech-bubble\"><\/i><\/a><\/div><\/div><div class=\"blog-grid-element-content\"><div class=\"work-details\"><h4><a href=\"https:\/\/archivotomasmontero.org\/index.php\/2022\/07\/07\/70-anos-de-la-masacre-de-henriquistas-en-la-alameda\/\" rel=\"bookmark\" title=\"70 a\u00f1os de la masacre de henriquistas en la Alameda\">70 a\u00f1os de la masacre de henriquistas en la Alameda<\/a><\/h4><div class=\"entry-content work-description\">El Gral. Manuel Henr\u00edquez Guzm\u00e1n consigui\u00f3 el apoyo de las clases humildes, por eso...<\/div><\/div><div class=\"button-blog-continue\"><a href=\"https:\/\/archivotomasmontero.org\/index.php\/2022\/07\/07\/70-anos-de-la-masacre-de-henriquistas-en-la-alameda\/\">Leer m\u00e1s<\/a><\/div><\/div><\/div><\/div><div class=\"blog-grid-element animation-standby-portfolio animated fadeInUpSlow gridblock-element gridblock-col-1\"><div class=\"blog-grid-element-inner\"><a class=\"gridblock-image-link blog-grid-element-has-image gridblock-columns\" href=\"https:\/\/archivotomasmontero.org\/index.php\/2021\/06\/10\/pedro-garfias-en-dos-retratos\/\" rel=\"bookmark\" title=\"Pedro Garfias en dos retratos\"><span class=\"grid-icon-status\"><i class=\"ion-ios-compose-outline fa-2x\"><\/i><\/span><img decoding=\"async\" src=\"https:\/\/archivotomasmontero.org\/wp-content\/uploads\/2021\/06\/35145-337x448.jpg\" alt=\"\" class=\"preload-image displayed-image\"\/><\/a><div class=\"summary-info\"><div class=\"summary-date\"><i class=\"feather-icon-clock\"><\/i> 10th Jun 21<\/div><div class=\"summary-comment\"><a href=\"https:\/\/archivotomasmontero.org\/index.php\/2021\/06\/10\/pedro-garfias-en-dos-retratos\/#comments\">2 <i class=\"feather-icon-speech-bubble\"><\/i><\/a><\/div><\/div><div class=\"blog-grid-element-content\"><div class=\"work-details\"><h4><a href=\"https:\/\/archivotomasmontero.org\/index.php\/2021\/06\/10\/pedro-garfias-en-dos-retratos\/\" rel=\"bookmark\" title=\"Pedro Garfias en dos retratos\">Pedro Garfias en dos retratos<\/a><\/h4><div class=\"entry-content work-description\">Aparecen en M\u00e9xico fotograf\u00edas in\u00e9ditas del poeta andaluz realizadas por el periodista gr\u00e1fico Tom\u00e1s...<\/div><\/div><div class=\"button-blog-continue\"><a href=\"https:\/\/archivotomasmontero.org\/index.php\/2021\/06\/10\/pedro-garfias-en-dos-retratos\/\">Leer m\u00e1s<\/a><\/div><\/div><\/div><\/div><div class=\"blog-grid-element animation-standby-portfolio animated fadeInUpSlow gridblock-element gridblock-col-2\"><div class=\"blog-grid-element-inner\"><a class=\"gridblock-image-link blog-grid-element-has-image gridblock-columns\" href=\"https:\/\/archivotomasmontero.org\/index.php\/2020\/09\/13\/juanita-aparicio-matadora-de-toros-bajos-la-lente-de-tomas-montero-torres\/\" rel=\"bookmark\" title=\"Juanita Aparicio, matadora de toros\"><span class=\"grid-icon-status\"><i class=\"ion-ios-camera-outline fa-2x\"><\/i><\/span><img decoding=\"async\" src=\"https:\/\/archivotomasmontero.org\/wp-content\/uploads\/2020\/09\/69613-289x448.jpg\" alt=\"Juanita Aparicio\" class=\"preload-image displayed-image\"\/><\/a><div class=\"summary-info\"><div class=\"summary-date\"><i class=\"feather-icon-clock\"><\/i> 13th Sep 20<\/div><div class=\"summary-comment\"><a href=\"https:\/\/archivotomasmontero.org\/index.php\/2020\/09\/13\/juanita-aparicio-matadora-de-toros-bajos-la-lente-de-tomas-montero-torres\/#comments\">3 <i class=\"feather-icon-speech-bubble\"><\/i><\/a><\/div><\/div><div class=\"blog-grid-element-content\"><div class=\"work-details\"><h4><a href=\"https:\/\/archivotomasmontero.org\/index.php\/2020\/09\/13\/juanita-aparicio-matadora-de-toros-bajos-la-lente-de-tomas-montero-torres\/\" rel=\"bookmark\" title=\"Juanita Aparicio, matadora de toros\">Juanita Aparicio, matadora de toros<\/a><\/h4><div class=\"entry-content work-description\">A prop\u00f3sito de este ensayo vuelvo a las p\u00e1ginas del libro de Ernest Heminway,\u00a0Verano...<\/div><\/div><div class=\"button-blog-continue\"><a href=\"https:\/\/archivotomasmontero.org\/index.php\/2020\/09\/13\/juanita-aparicio-matadora-de-toros-bajos-la-lente-de-tomas-montero-torres\/\">Leer m\u00e1s<\/a><\/div><\/div><\/div><\/div><div class=\"blog-grid-element animation-standby-portfolio animated fadeInUpSlow gridblock-element gridblock-col-3\"><div class=\"blog-grid-element-inner\"><a class=\"gridblock-image-link blog-grid-element-has-image gridblock-columns\" href=\"https:\/\/archivotomasmontero.org\/index.php\/2019\/08\/03\/dibujos-animados-de-mexico\/\" rel=\"bookmark\" title=\"Dibujos animados de M\u00e9xico\"><span class=\"grid-icon-status\"><i class=\"ion-ios-camera-outline fa-2x\"><\/i><\/span><img decoding=\"async\" src=\"https:\/\/archivotomasmontero.org\/wp-content\/uploads\/2015\/01\/17966-610x391.jpg\" alt=\"\" class=\"preload-image displayed-image\"\/><\/a><div class=\"summary-info\"><div class=\"summary-date\"><i class=\"feather-icon-clock\"><\/i> 3rd Ago 19<\/div><div class=\"summary-comment\"><a href=\"https:\/\/archivotomasmontero.org\/index.php\/2019\/08\/03\/dibujos-animados-de-mexico\/#comments\">1 <i class=\"feather-icon-speech-bubble\"><\/i><\/a><\/div><\/div><div class=\"blog-grid-element-content\"><div class=\"work-details\"><h4><a href=\"https:\/\/archivotomasmontero.org\/index.php\/2019\/08\/03\/dibujos-animados-de-mexico\/\" rel=\"bookmark\" title=\"Dibujos animados de M\u00e9xico\">Dibujos animados de M\u00e9xico<\/a><\/h4><div class=\"entry-content work-description\">El reportaje sobre el estudio Dibujos Animados de M\u00e9xico S. de R. L., que...<\/div><\/div><div class=\"button-blog-continue\"><a href=\"https:\/\/archivotomasmontero.org\/index.php\/2019\/08\/03\/dibujos-animados-de-mexico\/\">Leer m\u00e1s<\/a><\/div><\/div><\/div><\/div><div class=\"blog-grid-element animation-standby-portfolio animated fadeInUpSlow gridblock-element gridblock-col-4\"><div class=\"blog-grid-element-inner\"><a class=\"gridblock-image-link blog-grid-element-has-image gridblock-columns\" href=\"https:\/\/archivotomasmontero.org\/index.php\/2019\/05\/06\/robinson-crusoe-viaja-a-colima\/\" rel=\"bookmark\" title=\"Robinson Crusoe viaja a Colima\"><span class=\"grid-icon-status\"><i class=\"ion-ios-camera-outline fa-2x\"><\/i><\/span><img decoding=\"async\" src=\"https:\/\/archivotomasmontero.org\/wp-content\/uploads\/2015\/01\/3633-610x412.jpg\" alt=\"\" class=\"preload-image displayed-image\"\/><\/a><div class=\"summary-info\"><div class=\"summary-date\"><i class=\"feather-icon-clock\"><\/i> 6th May 19<\/div><div class=\"summary-comment\"><a href=\"https:\/\/archivotomasmontero.org\/index.php\/2019\/05\/06\/robinson-crusoe-viaja-a-colima\/#respond\">0 <i class=\"feather-icon-speech-bubble\"><\/i><\/a><\/div><\/div><div class=\"blog-grid-element-content\"><div class=\"work-details\"><h4><a href=\"https:\/\/archivotomasmontero.org\/index.php\/2019\/05\/06\/robinson-crusoe-viaja-a-colima\/\" rel=\"bookmark\" title=\"Robinson Crusoe viaja a Colima\">Robinson Crusoe viaja a Colima<\/a><\/h4><div class=\"entry-content work-description\">Las magn\u00edficas fotograf\u00edas de Tom\u00e1s Montero Torres dan cuenta del momento en que el...<\/div><\/div><div class=\"button-blog-continue\"><a href=\"https:\/\/archivotomasmontero.org\/index.php\/2019\/05\/06\/robinson-crusoe-viaja-a-colima\/\">Leer m\u00e1s<\/a><\/div><\/div><\/div><\/div><div class=\"blog-grid-element animation-standby-portfolio animated fadeInUpSlow gridblock-element gridblock-col-1\"><div class=\"blog-grid-element-inner\"><a class=\"gridblock-image-link blog-grid-element-has-image gridblock-columns\" href=\"https:\/\/archivotomasmontero.org\/index.php\/2019\/02\/19\/gerardo-murillo-dr-atl-en-movimiento\/\" rel=\"bookmark\" title=\"Gerardo Murillo, Dr. Atl en movimiento\"><span class=\"grid-icon-status\"><i class=\"ion-ios-film-outline fa-2x\"><\/i><\/span><img decoding=\"async\" src=\"https:\/\/archivotomasmontero.org\/wp-content\/uploads\/2021\/05\/22839-e1329753914528-610x412.jpg\" alt=\"Gerardo Murillo Dr. Atl en el Paricut\u00edn\" class=\"preload-image displayed-image\"\/><\/a><div class=\"summary-info\"><div class=\"summary-date\"><i class=\"feather-icon-clock\"><\/i> 19th Feb 19<\/div><div class=\"summary-comment\"><a href=\"https:\/\/archivotomasmontero.org\/index.php\/2019\/02\/19\/gerardo-murillo-dr-atl-en-movimiento\/#respond\">0 <i class=\"feather-icon-speech-bubble\"><\/i><\/a><\/div><\/div><div class=\"blog-grid-element-content\"><div class=\"work-details\"><h4><a href=\"https:\/\/archivotomasmontero.org\/index.php\/2019\/02\/19\/gerardo-murillo-dr-atl-en-movimiento\/\" rel=\"bookmark\" title=\"Gerardo Murillo, Dr. Atl en movimiento\">Gerardo Murillo, Dr. Atl en movimiento<\/a><\/h4><div class=\"entry-content work-description\">\u00a0 \ufeff Hace 5 meses conoc\u00ed a Silvia S\u00e1nchez Montero, nieta de Tom\u00e1s Montero...<\/div><\/div><div class=\"button-blog-continue\"><a href=\"https:\/\/archivotomasmontero.org\/index.php\/2019\/02\/19\/gerardo-murillo-dr-atl-en-movimiento\/\">Leer m\u00e1s<\/a><\/div><\/div><\/div><\/div><div class=\"blog-grid-element animation-standby-portfolio animated fadeInUpSlow gridblock-element gridblock-col-2\"><div class=\"blog-grid-element-inner\"><a class=\"gridblock-image-link blog-grid-element-has-image gridblock-columns\" href=\"https:\/\/archivotomasmontero.org\/index.php\/2015\/02\/24\/los-estudios-clasa\/\" rel=\"bookmark\" title=\"Los Estudios CLASA\"><span class=\"grid-icon-status\"><i class=\"ion-ios-camera-outline fa-2x\"><\/i><\/span><img decoding=\"async\" src=\"https:\/\/archivotomasmontero.org\/wp-content\/uploads\/2021\/05\/8b-610x421.jpg\" alt=\"Estudios CLASA\" class=\"preload-image displayed-image\"\/><\/a><div class=\"summary-info\"><div class=\"summary-date\"><i class=\"feather-icon-clock\"><\/i> 24th Feb 15<\/div><div class=\"summary-comment\"><a href=\"https:\/\/archivotomasmontero.org\/index.php\/2015\/02\/24\/los-estudios-clasa\/#comments\">5 <i class=\"feather-icon-speech-bubble\"><\/i><\/a><\/div><\/div><div class=\"blog-grid-element-content\"><div class=\"work-details\"><h4><a href=\"https:\/\/archivotomasmontero.org\/index.php\/2015\/02\/24\/los-estudios-clasa\/\" rel=\"bookmark\" title=\"Los Estudios CLASA\">Los Estudios CLASA<\/a><\/h4><div class=\"entry-content work-description\">Leer la lista de pel\u00edculas que produjo CLASA en su larga historia, es como...<\/div><\/div><div class=\"button-blog-continue\"><a href=\"https:\/\/archivotomasmontero.org\/index.php\/2015\/02\/24\/los-estudios-clasa\/\">Leer m\u00e1s<\/a><\/div><\/div><\/div><\/div><div class=\"blog-grid-element animation-standby-portfolio animated fadeInUpSlow gridblock-element gridblock-col-3\"><div class=\"blog-grid-element-inner\"><a class=\"gridblock-image-link blog-grid-element-has-image gridblock-columns\" href=\"https:\/\/archivotomasmontero.org\/index.php\/2015\/01\/21\/bellini-el-mejor-payaso-de-mexico\/\" rel=\"bookmark\" title=\"Bellini: el mejor payaso de M\u00e9xico\"><span class=\"grid-icon-status\"><i class=\"ion-ios-camera-outline fa-2x\"><\/i><\/span><img decoding=\"async\" src=\"https:\/\/archivotomasmontero.org\/wp-content\/uploads\/2021\/03\/Bellini-304x448.png\" alt=\"Bellini\" class=\"preload-image displayed-image\"\/><\/a><div class=\"summary-info\"><div class=\"summary-date\"><i class=\"feather-icon-clock\"><\/i> 21st Ene 15<\/div><div class=\"summary-comment\"><a href=\"https:\/\/archivotomasmontero.org\/index.php\/2015\/01\/21\/bellini-el-mejor-payaso-de-mexico\/#comments\">4 <i class=\"feather-icon-speech-bubble\"><\/i><\/a><\/div><\/div><div class=\"blog-grid-element-content\"><div class=\"work-details\"><h4><a href=\"https:\/\/archivotomasmontero.org\/index.php\/2015\/01\/21\/bellini-el-mejor-payaso-de-mexico\/\" rel=\"bookmark\" title=\"Bellini: el mejor payaso de M\u00e9xico\">Bellini: el mejor payaso de M\u00e9xico<\/a><\/h4><div class=\"entry-content work-description\">&nbsp; No se puede hablar del circo mexicano sin mencionar el nombre de Atayde,...<\/div><\/div><div class=\"button-blog-continue\"><a href=\"https:\/\/archivotomasmontero.org\/index.php\/2015\/01\/21\/bellini-el-mejor-payaso-de-mexico\/\">Leer m\u00e1s<\/a><\/div><\/div><\/div><\/div><div class=\"blog-grid-element animation-standby-portfolio animated fadeInUpSlow gridblock-element gridblock-col-4\"><div class=\"blog-grid-element-inner\"><a class=\"gridblock-image-link blog-grid-element-has-image gridblock-columns\" href=\"https:\/\/archivotomasmontero.org\/index.php\/2014\/12\/16\/hacia-los-margenes-tomas-montero-torres-fotografo-de-oposicion\/\" rel=\"bookmark\" title=\"Hacia los m\u00e1rgenes: Tom\u00e1s Montero Torres, fot\u00f3grafo de oposici\u00f3n\"><span class=\"grid-icon-status\"><i class=\"ion-ios-camera-outline fa-2x\"><\/i><\/span><img decoding=\"async\" src=\"https:\/\/archivotomasmontero.org\/wp-content\/uploads\/2021\/03\/1.jpg\" alt=\"Tom\u00e1s Montero Torres\" class=\"preload-image displayed-image\"\/><\/a><div class=\"summary-info\"><div class=\"summary-date\"><i class=\"feather-icon-clock\"><\/i> 16th Dic 14<\/div><div class=\"summary-comment\"><a href=\"https:\/\/archivotomasmontero.org\/index.php\/2014\/12\/16\/hacia-los-margenes-tomas-montero-torres-fotografo-de-oposicion\/#respond\">0 <i class=\"feather-icon-speech-bubble\"><\/i><\/a><\/div><\/div><div class=\"blog-grid-element-content\"><div class=\"work-details\"><h4><a href=\"https:\/\/archivotomasmontero.org\/index.php\/2014\/12\/16\/hacia-los-margenes-tomas-montero-torres-fotografo-de-oposicion\/\" rel=\"bookmark\" title=\"Hacia los m\u00e1rgenes: Tom\u00e1s Montero Torres, fot\u00f3grafo de oposici\u00f3n\">Hacia los m\u00e1rgenes: Tom\u00e1s Montero Torres, fot\u00f3grafo de oposici\u00f3n<\/a><\/h4><div class=\"entry-content work-description\">I. Una presentaci\u00f3n en sociedad Un \u201cestuche de verdad\u201d, lo fue este g\u00fcero: fot\u00f3grafo,...<\/div><\/div><div class=\"button-blog-continue\"><a href=\"https:\/\/archivotomasmontero.org\/index.php\/2014\/12\/16\/hacia-los-margenes-tomas-montero-torres-fotografo-de-oposicion\/\">Leer m\u00e1s<\/a><\/div><\/div><\/div><\/div><div class=\"blog-grid-element animation-standby-portfolio animated fadeInUpSlow gridblock-element gridblock-col-1\"><div class=\"blog-grid-element-inner\"><a class=\"gridblock-image-link blog-grid-element-has-image gridblock-columns\" href=\"https:\/\/archivotomasmontero.org\/index.php\/2014\/10\/23\/los-anonimos\/\" rel=\"bookmark\" title=\"Los an\u00f3nimos\"><span class=\"grid-icon-status\"><i class=\"ion-ios-camera-outline fa-2x\"><\/i><\/span><img decoding=\"async\" src=\"https:\/\/archivotomasmontero.org\/wp-content\/uploads\/2020\/12\/anonimos1.jpg\" alt=\"\" class=\"preload-image displayed-image\"\/><\/a><div class=\"summary-info\"><div class=\"summary-date\"><i class=\"feather-icon-clock\"><\/i> 23rd Oct 14<\/div><div class=\"summary-comment\"><a href=\"https:\/\/archivotomasmontero.org\/index.php\/2014\/10\/23\/los-anonimos\/#comments\">3 <i class=\"feather-icon-speech-bubble\"><\/i><\/a><\/div><\/div><div class=\"blog-grid-element-content\"><div class=\"work-details\"><h4><a href=\"https:\/\/archivotomasmontero.org\/index.php\/2014\/10\/23\/los-anonimos\/\" rel=\"bookmark\" title=\"Los an\u00f3nimos\">Los an\u00f3nimos<\/a><\/h4><div class=\"entry-content work-description\">Fue una tarde en el departamento de Silvia -Directora de Conservaci\u00f3n del Archivo Tom\u00e1s...<\/div><\/div><div class=\"button-blog-continue\"><a href=\"https:\/\/archivotomasmontero.org\/index.php\/2014\/10\/23\/los-anonimos\/\">Leer m\u00e1s<\/a><\/div><\/div><\/div><\/div><div class=\"blog-grid-element animation-standby-portfolio animated fadeInUpSlow gridblock-element gridblock-col-2\"><div class=\"blog-grid-element-inner\"><a class=\"gridblock-image-link blog-grid-element-has-image gridblock-columns\" href=\"https:\/\/archivotomasmontero.org\/index.php\/2014\/09\/19\/un-heroe-de-95-anos\/\" rel=\"bookmark\" title=\"Un h\u00e9roe de 95 a\u00f1os\"><span class=\"grid-icon-status\"><i class=\"ion-ios-camera-outline fa-2x\"><\/i><\/span><img decoding=\"async\" src=\"https:\/\/archivotomasmontero.org\/wp-content\/uploads\/2020\/12\/DonAlberto-301x448.png\" alt=\"\" class=\"preload-image displayed-image\"\/><\/a><div class=\"summary-info\"><div class=\"summary-date\"><i class=\"feather-icon-clock\"><\/i> 19th Sep 14<\/div><div class=\"summary-comment\"><a href=\"https:\/\/archivotomasmontero.org\/index.php\/2014\/09\/19\/un-heroe-de-95-anos\/#comments\">21 <i class=\"feather-icon-speech-bubble\"><\/i><\/a><\/div><\/div><div class=\"blog-grid-element-content\"><div class=\"work-details\"><h4><a href=\"https:\/\/archivotomasmontero.org\/index.php\/2014\/09\/19\/un-heroe-de-95-anos\/\" rel=\"bookmark\" title=\"Un h\u00e9roe de 95 a\u00f1os\">Un h\u00e9roe de 95 a\u00f1os<\/a><\/h4><div class=\"entry-content work-description\">Antes que nada \u00a1\u00a1\u00a1GRACIAS!!! por la atenci\u00f3n que el Archivo Tom\u00e1s Montero Torres ha...<\/div><\/div><div class=\"button-blog-continue\"><a href=\"https:\/\/archivotomasmontero.org\/index.php\/2014\/09\/19\/un-heroe-de-95-anos\/\">Leer m\u00e1s<\/a><\/div><\/div><\/div><\/div><div class=\"blog-grid-element animation-standby-portfolio animated fadeInUpSlow gridblock-element gridblock-col-3\"><div class=\"blog-grid-element-inner\"><a class=\"gridblock-image-link blog-grid-element-has-image gridblock-columns\" href=\"https:\/\/archivotomasmontero.org\/index.php\/2014\/08\/18\/y-quien-es-ese-senor-vivencia-de-un-grillito-cantor\/\" rel=\"bookmark\" title=\"\u00bfY qui\u00e9n es ese se\u00f1or? Vivencia de un Grillito Cantor\"><span class=\"grid-icon-status\"><i class=\"ion-ios-camera-outline fa-2x\"><\/i><\/span><img decoding=\"async\" src=\"https:\/\/archivotomasmontero.org\/wp-content\/uploads\/2021\/04\/1C-610x415.jpg\" alt=\"\" class=\"preload-image displayed-image\"\/><\/a><div class=\"summary-info\"><div class=\"summary-date\"><i class=\"feather-icon-clock\"><\/i> 18th Ago 14<\/div><div class=\"summary-comment\"><a href=\"https:\/\/archivotomasmontero.org\/index.php\/2014\/08\/18\/y-quien-es-ese-senor-vivencia-de-un-grillito-cantor\/#comments\">9 <i class=\"feather-icon-speech-bubble\"><\/i><\/a><\/div><\/div><div class=\"blog-grid-element-content\"><div class=\"work-details\"><h4><a href=\"https:\/\/archivotomasmontero.org\/index.php\/2014\/08\/18\/y-quien-es-ese-senor-vivencia-de-un-grillito-cantor\/\" rel=\"bookmark\" title=\"\u00bfY qui\u00e9n es ese se\u00f1or? Vivencia de un Grillito Cantor\">\u00bfY qui\u00e9n es ese se\u00f1or? Vivencia de un Grillito Cantor<\/a><\/h4><div class=\"entry-content work-description\">Con motivo de las fotograf\u00edas que Tom\u00e1s Montero Torres le tom\u00f3 a Francisco Gabilondo...<\/div><\/div><div class=\"button-blog-continue\"><a href=\"https:\/\/archivotomasmontero.org\/index.php\/2014\/08\/18\/y-quien-es-ese-senor-vivencia-de-un-grillito-cantor\/\">Leer m\u00e1s<\/a><\/div><\/div><\/div><\/div><div class=\"blog-grid-element animation-standby-portfolio animated fadeInUpSlow gridblock-element gridblock-col-4\"><div class=\"blog-grid-element-inner\"><a class=\"gridblock-image-link blog-grid-element-has-image gridblock-columns\" href=\"https:\/\/archivotomasmontero.org\/index.php\/2014\/08\/12\/ana-merida-y-los-murales-de-bonampak\/\" rel=\"bookmark\" title=\"Ana M\u00e9rida y los murales de Bonampak\"><span class=\"grid-icon-status\"><i class=\"ion-ios-camera-outline fa-2x\"><\/i><\/span><img decoding=\"async\" src=\"https:\/\/archivotomasmontero.org\/wp-content\/uploads\/2020\/12\/revista-baja-331x448.jpg\" alt=\"\" class=\"preload-image displayed-image\"\/><\/a><div class=\"summary-info\"><div class=\"summary-date\"><i class=\"feather-icon-clock\"><\/i> 12th Ago 14<\/div><div class=\"summary-comment\"><a href=\"https:\/\/archivotomasmontero.org\/index.php\/2014\/08\/12\/ana-merida-y-los-murales-de-bonampak\/#comments\">6 <i class=\"feather-icon-speech-bubble\"><\/i><\/a><\/div><\/div><div class=\"blog-grid-element-content\"><div class=\"work-details\"><h4><a href=\"https:\/\/archivotomasmontero.org\/index.php\/2014\/08\/12\/ana-merida-y-los-murales-de-bonampak\/\" rel=\"bookmark\" title=\"Ana M\u00e9rida y los murales de Bonampak\">Ana M\u00e9rida y los murales de Bonampak<\/a><\/h4><div class=\"entry-content work-description\">La b\u00fasqueda de la llamada \u201cCiudad Perdida\u201d de los mayas, provoc\u00f3 que los exploradores...<\/div><\/div><div class=\"button-blog-continue\"><a href=\"https:\/\/archivotomasmontero.org\/index.php\/2014\/08\/12\/ana-merida-y-los-murales-de-bonampak\/\">Leer m\u00e1s<\/a><\/div><\/div><\/div><\/div><\/div><\/div><div class=\"pagination-navigation\"><div class=\"pagination\"><span class=\"pagination-info\">Page 1 of 5<\/span><span class=\"current\">1<\/span><a href='https:\/\/archivotomasmontero.org\/index.php\/wp-json\/wp\/v2\/pages\/5935\/page\/2\/' class=\"inactive\">2<\/a><a href='https:\/\/archivotomasmontero.org\/index.php\/wp-json\/wp\/v2\/pages\/5935\/page\/3\/' class=\"inactive\">3<\/a><a href='https:\/\/archivotomasmontero.org\/index.php\/wp-json\/wp\/v2\/pages\/5935\/page\/4\/' class=\"inactive\">4<\/a><a href='https:\/\/archivotomasmontero.org\/index.php\/wp-json\/wp\/v2\/pages\/5935\/page\/5\/' class=\"inactive\">5<\/a><\/div><\/div>\n","protected":false},"excerpt":{"rendered":"","protected":false},"author":1,"featured_media":0,"parent":0,"menu_order":0,"comment_status":"open","ping_status":"open","template":"","meta":{"footnotes":""},"class_list":["post-5935","page","type-page","status-publish","hentry"],"yoast_head":"<!-- This site is optimized with the Yoast SEO plugin v27.4 - https:\/\/yoast.com\/product\/yoast-seo-wordpress\/ -->\n<title>Historias - Archivo - Montero<\/title>\n<meta name=\"robots\" content=\"index, follow, max-snippet:-1, max-image-preview:large, max-video-preview:-1\" \/>\n<link rel=\"canonical\" href=\"https:\/\/archivotomasmontero.org\/index.php\/historias\/\" \/>\n<meta property=\"og:locale\" content=\"es_MX\" \/>\n<meta property=\"og:type\" content=\"article\" \/>\n<meta property=\"og:title\" content=\"Historias - Archivo - Montero\" \/>\n<meta property=\"og:url\" content=\"https:\/\/archivotomasmontero.org\/index.php\/historias\/\" \/>\n<meta property=\"og:site_name\" content=\"Archivo - Montero\" \/>\n<meta property=\"article:modified_time\" content=\"2021-05-27T19:06:19+00:00\" \/>\n<meta name=\"twitter:card\" content=\"summary_large_image\" \/>\n<script type=\"application\/ld+json\" class=\"yoast-schema-graph\">{\"@context\":\"https:\\\/\\\/schema.org\",\"@graph\":[{\"@type\":\"WebPage\",\"@id\":\"https:\\\/\\\/archivotomasmontero.org\\\/index.php\\\/historias\\\/\",\"url\":\"https:\\\/\\\/archivotomasmontero.org\\\/index.php\\\/historias\\\/\",\"name\":\"Historias - Archivo - Montero\",\"isPartOf\":{\"@id\":\"https:\\\/\\\/archivotomasmontero.org\\\/#website\"},\"datePublished\":\"2015-03-01T15:05:13+00:00\",\"dateModified\":\"2021-05-27T19:06:19+00:00\",\"breadcrumb\":{\"@id\":\"https:\\\/\\\/archivotomasmontero.org\\\/index.php\\\/historias\\\/#breadcrumb\"},\"inLanguage\":\"es\",\"potentialAction\":[{\"@type\":\"ReadAction\",\"target\":[\"https:\\\/\\\/archivotomasmontero.org\\\/index.php\\\/historias\\\/\"]}]},{\"@type\":\"BreadcrumbList\",\"@id\":\"https:\\\/\\\/archivotomasmontero.org\\\/index.php\\\/historias\\\/#breadcrumb\",\"itemListElement\":[{\"@type\":\"ListItem\",\"position\":1,\"name\":\"Inicio\",\"item\":\"https:\\\/\\\/archivotomasmontero.org\\\/\"},{\"@type\":\"ListItem\",\"position\":2,\"name\":\"Historias\"}]},{\"@type\":\"WebSite\",\"@id\":\"https:\\\/\\\/archivotomasmontero.org\\\/#website\",\"url\":\"https:\\\/\\\/archivotomasmontero.org\\\/\",\"name\":\"Archivo - Montero\",\"description\":\"Archivo Tomas Montero Torres\",\"potentialAction\":[{\"@type\":\"SearchAction\",\"target\":{\"@type\":\"EntryPoint\",\"urlTemplate\":\"https:\\\/\\\/archivotomasmontero.org\\\/?s={search_term_string}\"},\"query-input\":{\"@type\":\"PropertyValueSpecification\",\"valueRequired\":true,\"valueName\":\"search_term_string\"}}],\"inLanguage\":\"es\"}]}<\/script>\n<!-- \/ Yoast SEO plugin. -->","yoast_head_json":{"title":"Historias - Archivo - Montero","robots":{"index":"index","follow":"follow","max-snippet":"max-snippet:-1","max-image-preview":"max-image-preview:large","max-video-preview":"max-video-preview:-1"},"canonical":"https:\/\/archivotomasmontero.org\/index.php\/historias\/","og_locale":"es_MX","og_type":"article","og_title":"Historias - Archivo - Montero","og_url":"https:\/\/archivotomasmontero.org\/index.php\/historias\/","og_site_name":"Archivo - Montero","article_modified_time":"2021-05-27T19:06:19+00:00","twitter_card":"summary_large_image","schema":{"@context":"https:\/\/schema.org","@graph":[{"@type":"WebPage","@id":"https:\/\/archivotomasmontero.org\/index.php\/historias\/","url":"https:\/\/archivotomasmontero.org\/index.php\/historias\/","name":"Historias - Archivo - Montero","isPartOf":{"@id":"https:\/\/archivotomasmontero.org\/#website"},"datePublished":"2015-03-01T15:05:13+00:00","dateModified":"2021-05-27T19:06:19+00:00","breadcrumb":{"@id":"https:\/\/archivotomasmontero.org\/index.php\/historias\/#breadcrumb"},"inLanguage":"es","potentialAction":[{"@type":"ReadAction","target":["https:\/\/archivotomasmontero.org\/index.php\/historias\/"]}]},{"@type":"BreadcrumbList","@id":"https:\/\/archivotomasmontero.org\/index.php\/historias\/#breadcrumb","itemListElement":[{"@type":"ListItem","position":1,"name":"Inicio","item":"https:\/\/archivotomasmontero.org\/"},{"@type":"ListItem","position":2,"name":"Historias"}]},{"@type":"WebSite","@id":"https:\/\/archivotomasmontero.org\/#website","url":"https:\/\/archivotomasmontero.org\/","name":"Archivo - Montero","description":"Archivo Tomas Montero Torres","potentialAction":[{"@type":"SearchAction","target":{"@type":"EntryPoint","urlTemplate":"https:\/\/archivotomasmontero.org\/?s={search_term_string}"},"query-input":{"@type":"PropertyValueSpecification","valueRequired":true,"valueName":"search_term_string"}}],"inLanguage":"es"}]}},"_links":{"self":[{"href":"https:\/\/archivotomasmontero.org\/index.php\/wp-json\/wp\/v2\/pages\/5935","targetHints":{"allow":["GET"]}}],"collection":[{"href":"https:\/\/archivotomasmontero.org\/index.php\/wp-json\/wp\/v2\/pages"}],"about":[{"href":"https:\/\/archivotomasmontero.org\/index.php\/wp-json\/wp\/v2\/types\/page"}],"author":[{"embeddable":true,"href":"https:\/\/archivotomasmontero.org\/index.php\/wp-json\/wp\/v2\/users\/1"}],"replies":[{"embeddable":true,"href":"https:\/\/archivotomasmontero.org\/index.php\/wp-json\/wp\/v2\/comments?post=5935"}],"version-history":[{"count":1,"href":"https:\/\/archivotomasmontero.org\/index.php\/wp-json\/wp\/v2\/pages\/5935\/revisions"}],"predecessor-version":[{"id":13630,"href":"https:\/\/archivotomasmontero.org\/index.php\/wp-json\/wp\/v2\/pages\/5935\/revisions\/13630"}],"wp:attachment":[{"href":"https:\/\/archivotomasmontero.org\/index.php\/wp-json\/wp\/v2\/media?parent=5935"}],"curies":[{"name":"wp","href":"https:\/\/api.w.org\/{rel}","templated":true}]}}